{"id":6877,"date":"2024-04-05T19:20:50","date_gmt":"2024-04-05T19:20:50","guid":{"rendered":"https:\/\/www.kardoskut.hu\/?page_id=6877"},"modified":"2026-04-30T06:15:38","modified_gmt":"2026-04-30T06:15:38","slug":"kozhirre-tetel","status":"publish","type":"page","link":"https:\/\/www.kardoskut.hu\/?page_id=6877","title":{"rendered":"K\u00f6zh\u00edrr\u00e9 t\u00e9tel"},"content":{"rendered":"<p><a href=\"https:\/\/www.kardoskut.hu\/wp-content\/uploads\/2026\/04\/BE_38_01225-6_2026_es-kozlemeny-1.zip\">A B\u00e9k\u00e9s V\u00e1rmegyei Korm\u00e1nyhivatal, mint ter\u00fcleti k\u00f6rnyezetv\u00e9delmi hat\u00f3s\u00e1g el\u0151tt a MOL Upstream Z\u00e1rtk\u00f6r\u0171en M\u0171k\u00f6d\u0151 R\u00e9szv\u00e9nyt\u00e1rsas\u00e1g (1117 Budapest, Domb\u00f3v\u00e1ri \u00fat 28., K\u00dcJ: 104802818) \u00fcgyf\u00e9l k\u00e9relem\u00e9re indult egys\u00e9ges k\u00f6rnyezethaszn\u00e1lati enged\u00e9ly m\u00f3dos\u00edt\u00e1si elj\u00e1r\u00e1sban a ter\u00fcleti k\u00f6rnyezetv\u00e9delmi hat\u00f3s\u00e1g hat\u00e1rozat\u00e1r\u00f3l sz\u00f3l\u00f3 k\u00f6zlem\u00e9ny k\u00f6zh\u00edrr\u00e9 t\u00e9tel\u00e9t rendelem el a nyilv\u00e1noss\u00e1g bevon\u00e1sa \u00e9rdek\u00e9ben.<\/a><\/p>\n<p><a href=\"https:\/\/kormanyhivatalok.hu\/system\/files\/dokumentum\/bekes\/2026-02\/dokumentacio_nyilvanos_1.zip\"><span class=\"field-content\">A\u00a0B\u00e9k\u00e9s V\u00e1rmegyei Korm\u00e1nyhivatal K\u00f6rnyezetv\u00e9delmi, Term\u00e9szetv\u00e9delmi \u00e9s Hullad\u00e9kgazd\u00e1lkod\u00e1si F\u0151oszt\u00e1ly\u00e1nak k\u00f6zlem\u00e9nye a Kardosk\u00fat, k\u00fclter\u00fclet 0192\/6 hrsz. alatti ingatlanon tal\u00e1lhat\u00f3 nagy l\u00e9tsz\u00e1m\u00fa \u00e1llattart\u00f3 sert\u00e9stelep egys\u00e9ges k\u00f6rnyezethaszn\u00e1lati enged\u00e9ly\u00e9nek fel\u00fclvizsg\u00e1lati \u00e9s m\u00f3dos\u00edt\u00e1si elj\u00e1r\u00e1sa kapcs\u00e1n k\u00f6zlem\u00e9ny elj\u00e1r\u00e1s megind\u00edt\u00e1s\u00e1r\u00f3l t\u00e1rgy\u00e1ban<\/span><\/a><\/p>\n<p><a href=\"https:\/\/www.kardoskut.hu\/wp-content\/uploads\/2026\/01\/00044-2_2026_38_hatarozat_alairt.pdf\">Kardosk\u00fat, l\u00e9v\u0151 Pf-80 jel\u0171 olajk\u00fat \u00fczemeltet\u00e9s\u00e9vel \u00e9s a termel\u00e9sfokoz\u00e1s\u00e1hoz<\/a><br \/>\nsz\u00fcks\u00e9ges seg\u00e9dg\u00e1z-vezet\u00e9k l\u00e9tes\u00edt\u00e9s\u00e9vel kapcsolatos el\u0151zetes vizsg\u00e1lati elj\u00e1r\u00e1st lez\u00e1r\u00f3 hat\u00e1rozat<\/p>\n<p><a href=\"https:\/\/www.kardoskut.hu\/wp-content\/uploads\/2025\/10\/01950-6_2025_38_.zip\">\u00dcgysz\u00e1m: 01950-6_2025_38 (Kardosk\u00fat k\u00fclter\u00fclet\u00e9n l\u00e9v\u0151 Pf-80 jel\u0171 olajk\u00fat termel\u00e9sfokoz\u00e1s\u00e1hoz sz\u00fcks\u00e9ges seg\u00e9dg\u00e1zvezet\u00e9k<\/a><br \/>\nl\u00e9tes\u00edt\u00e9s\u00e9vel kapcsolatos el\u0151zetes vizsg\u00e1lati elj\u00e1r\u00e1s.)<\/p>\n<p><a href=\"https:\/\/www.kardoskut.hu\/wp-content\/uploads\/2025\/01\/BE_38_01006-26_2024-1.zip\">\u00dcgysz\u00e1m: BE\/38\/01006-26\/2024.<\/a><\/p>\n<p><a href=\"https:\/\/www.kardoskut.hu\/wp-content\/uploads\/2024\/12\/52019_N_670_2024_5-52019_N_670_2024_5.pdf\">\u00dcgysz\u00e1m: 52019\/N\/670\/2024\/5. hirdetm\u00e9ny<\/a><\/p>\n<p><a href=\"https:\/\/www.kardoskut.hu\/wp-content\/uploads\/2024\/11\/00664-31-2024_38_kozlemeny_alairt.pdf\">K\u00f6zlem\u00e9ny a Kardosk\u00fat G\u00e1z\u00fczemben v\u00e9gzett tev\u00e9kenys\u00e9g egys\u00e9ges<\/a><br \/>\nk\u00f6rnyezethaszn\u00e1lati enged\u00e9ly\u00e9r\u0151l<\/p>\n<p><a href=\"https:\/\/www.kardoskut.hu\/wp-content\/uploads\/2024\/10\/02381_2024_38-1-1.zip\">A hat\u00f3s\u00e1gi \u00fcgy t\u00e1rgya: Kardosk\u00fat, 0233\/12 hrsz. alatt tervezett szarvasmarhatelep el\u0151zetes vizsg\u00e1lati<\/a><br \/>\nelj\u00e1r\u00e1sa<\/p>\n<p><a href=\"https:\/\/www.kardoskut.hu\/wp-content\/uploads\/2024\/09\/00664-13_2024_38_kozlemeny.pdf\">A hat\u00f3s\u00e1gi \u00fcgy t\u00e1rgya: A Kardosk\u00fat, k\u00fclter\u00fclet 0100\/5, 0100\/6, 0100\/9, 0100\/12 \u00e9s 0101 hrsz. alatti ingatlanokon tal\u00e1lhat\u00f3 telephelyen (Kardosk\u00fat G\u00e1z\u00fczem) folytatott tev\u00e9kenys\u00e9gek egys\u00e9ges k\u00f6rnyezethaszn\u00e1lati enged\u00e9ly\u00e9nek m\u00f3dos\u00edt\u00e1sa<\/a><\/p>\n<p><a href=\"https:\/\/www.kardoskut.hu\/wp-content\/uploads\/2024\/08\/01181-35_2024_38_hatarozat.pdf\">Kardosk\u00fat, S\u00f3st\u00f3i \u0151shonos juh \u00e1llattart\u00f3 telep fejleszt\u00e9s\u00e9vel \u00e9s b\u0151v\u00edt\u00e9s\u00e9vel\u00a0 kapcsolatos el\u0151zetes vizsg\u00e1lati elj\u00e1r\u00e1s lez\u00e1r\u00e1sa.<\/a><\/p>\n<p><a href=\"https:\/\/www.kardoskut.hu\/wp-content\/uploads\/2024\/08\/02086-37_2024_38_hatarozat.pdf\">Kardosk\u00fat F\u00f6ldalatti G\u00e1zt\u00e1rol\u00f3 \u00e9s Pusztasz\u0151l\u0151si G\u00e1zgy\u0171jt\u0151-eloszt\u00f3 \u00c1llom\u00e1s<\/a><br \/>\n<a href=\"https:\/\/www.kardoskut.hu\/wp-content\/uploads\/2024\/08\/02086-37_2024_38_hatarozat.pdf\">k\u00f6z\u00f6tti, hidrog\u00e9n sz\u00e1ll\u00edt\u00e1s\u00e1ra alkalmas c\u00e9lvezet\u00e9k \u00e9s bek\u00f6t\u0151 vezet\u00e9k, felsz\u00edntechnol\u00f3gi\u00e1k kutat\u00e1si c\u00e9l\u00fa beruh\u00e1z\u00e1s\u00e1val kapcsolatos el\u0151zetes vizsg\u00e1lati elj\u00e1r\u00e1s lez\u00e1r\u00e1sa.<\/a><\/p>\n<p><a href=\"https:\/\/www.kardoskut.hu\/wp-content\/uploads\/2024\/08\/02001-39_2024_38_Hatarozat_alairt.pdf\">Orosh\u00e1za-Kardosk\u00fat \u00f6sszek\u00f6t\u0151 ker\u00e9kp\u00e1r\u00fat \u00e9p\u00edt\u00e9se&#8221; c\u00edm\u0171 beruh\u00e1z\u00e1shoz kapcsol\u00f3d\u00f3 el\u0151zetes vizsg\u00e1lati elj\u00e1r\u00e1s lez\u00e1r\u00e1sa.<\/a><\/p>\n<p><strong>Kardosk\u00fat F\u00f6ldalatti G\u00e1zt\u00e1rol\u00f3 \u00e9s Pusztasz\u0151l\u0151s gy\u0171jt\u0151\u00e1llom\u00e1s k\u00f6z\u00f6tti, hidrog\u00e9n sz\u00e1ll\u00edt\u00e1s\u00e1ra alkalmas c\u00e9lvezet\u00e9k \u00e9s a PSZ-36 jel\u0171 g\u00e1zk\u00fat bek\u00f6t\u0151 vezet\u00e9k\u00e9nek l\u00e9tes\u00edt\u00e9s\u00e9vel kapcsolatos el\u0151zetes vizsg\u00e1lati elj\u00e1r\u00e1s.<\/strong><\/p>\n<p>MELL\u00c9KLETEK:<\/p>\n<p><a href=\"https:\/\/www.kardoskut.hu\/wp-content\/uploads\/2024\/07\/1_2_melleklet_levego_hatasteruletek.pdf\">1_2_melleklet_levego_hatasteruletek<\/a><br \/>\n<a href=\"https:\/\/www.kardoskut.hu\/wp-content\/uploads\/2024\/07\/1_3_melleklet_zaj_term_hat_teruletek.pdf\">1_3_melleklet_zaj_term_hat_teruletek<\/a> <a href=\"https:\/\/www.kardoskut.hu\/wp-content\/uploads\/2024\/07\/MFGT_K_150_2024_elozetes_vizsgalati_eljaras_kerelme.pdf\">MFGT_K_150_2024_elozetes_vizsgalati_eljaras_kerelme<\/a> <a href=\"https:\/\/www.kardoskut.hu\/wp-content\/uploads\/2024\/07\/23026.15_80_001_Rev1_MFGT_hidrogen_tarolas_EVD.pdf\">23026.15_80_001_Rev1_MFGT_hidrogen_tarolas_EVD<\/a> <a href=\"https:\/\/www.kardoskut.hu\/wp-content\/uploads\/2024\/07\/02086-8_2024_38_felhivas.pdf\">02086-8_2024_38_felh\u00edv\u00e1s<\/a> <a href=\"https:\/\/www.kardoskut.hu\/wp-content\/uploads\/2024\/07\/02086-6_2024_38_kozlemeny.pdf\">02086-6_2024_38_k\u00f6zlem\u00e9ny<\/a> <a href=\"https:\/\/www.kardoskut.hu\/wp-content\/uploads\/2024\/07\/2_3_melleklet_muszer_hit_bizonyitvany.pdf\">2_3_melleklet_muszer_hit_bizonyitvany<\/a> <a href=\"https:\/\/www.kardoskut.hu\/wp-content\/uploads\/2024\/07\/1_5_melleklet_reszletes_helyszinrajz_Pusztaszolos.pdf\">1_5_melleklet_reszletes_helyszinrajz_Pusztaszolos<\/a> <a href=\"https:\/\/www.kardoskut.hu\/wp-content\/uploads\/2024\/07\/1_4_melleklet_reszletes_helyszinrajz_Kardoskut.pdf\">1_4_melleklet_reszletes_helyszinrajz_Kardoskut<\/a><\/p>\n<p>&#8212;&#8212;&#8212;&#8212;&#8212;&#8212;&#8212;&#8212;&#8212;&#8212;&#8212;&#8212;&#8212;&#8212;&#8212;&#8212;&#8212;&#8212;&#8212;&#8212;&#8212;&#8212;&#8212;&#8212;&#8212;&#8212;&#8212;&#8212;&#8212;&#8212;&#8212;&#8211;<\/p>\n<p><a href=\"https:\/\/www.kardoskut.hu\/wp-content\/uploads\/2024\/06\/02001-7_2024_38_Felhivas_kozzetetelre_alairt.pdf\">El\u0151zetes vizsg\u00e1lati elj\u00e1r\u00e1s sor\u00e1n felh\u00edv\u00e1s k\u00f6zh\u00edrr\u00e9 t\u00e9telre &#8222;Orosh\u00e1za-Kardosk\u00fat \u00f6sszek\u00f6t\u0151 ker\u00e9kp\u00e1r\u00fat \u00e9p\u00edt\u00e9se&#8221; t\u00e1rgyban<\/a><\/p>\n<p>MELL\u00c9KLETEK:<\/p>\n<p><a href=\"https:\/\/www.kardoskut.hu\/wp-content\/uploads\/2024\/06\/01_EKV_TOP_Plusz_1.2.1_21_Oroshaza_Kardoskut_kerekparut.pdf\">_01_EKV_TOP_Plusz_1.2.1_21_Oroshaza_Kardoskut_kerekparut<\/a> <a href=\"https:\/\/www.kardoskut.hu\/wp-content\/uploads\/2024\/06\/03_Alairolap_TOP_Plusz_1.2.1_21_Oroshaza_Kardoskut_kerekparut.pdf\">_03_Alairolap_TOP_Plusz_1.2.1_21_Oroshaza_Kardoskut_kerekparut<\/a> <a href=\"https:\/\/www.kardoskut.hu\/wp-content\/uploads\/2024\/06\/04_1_HSZR_Oroshaza_Kardoskut_EKV_2_1_297x1850.pdf\">_04_1_HSZR_Oroshaza_Kardoskut_EKV_2_1_297x1850<\/a> <a href=\"https:\/\/www.kardoskut.hu\/wp-content\/uploads\/2024\/06\/04_2_HSZR_Oroshaza_Kardoskut_EKV_2_2_297x1850.pdf\">_04_2_HSZR_Oroshaza_Kardoskut_EKV_2_2_297x1850<\/a> <a href=\"https:\/\/www.kardoskut.hu\/wp-content\/uploads\/2024\/06\/04_3_HSZR_Oroshaza_Kardoskut_EKV_2_3_297x1850.pdf\">_04_3_HSZR_Oroshaza_Kardoskut_EKV_2_3_297x1850<\/a> <a href=\"https:\/\/www.kardoskut.hu\/wp-content\/uploads\/2024\/06\/04_4_HSZR_Oroshaza_Kardoskut_EKV_2_4_297x890.pdf\">_04_4_HSZR_Oroshaza_Kardoskut_EKV_2_4_297x890<\/a> <a href=\"https:\/\/www.kardoskut.hu\/wp-content\/uploads\/2024\/06\/Kerelem_EKV_TOP_Plusz_1.2.1_21_Oroshaza_Kardoskut_kerekparut.pdf\">Kerelem_EKV_TOP_Plusz_1.2.1_21_Oroshaza_Kardoskut_kerekparut<\/a><\/p>\n<p>&#8212;&#8212;&#8212;&#8212;&#8212;&#8212;&#8212;&#8212;&#8212;&#8212;&#8212;&#8212;&#8212;&#8212;&#8212;&#8212;&#8212;&#8212;&#8212;&#8212;&#8212;&#8212;&#8212;&#8212;&#8212;&#8212;&#8212;&#8212;&#8212;&#8212;<\/p>\n<p><a href=\"https:\/\/www.kardoskut.hu\/wp-content\/uploads\/2024\/04\/01181-5_2024_38_kozlemeny.pdf\">BE\/38\/01181-5\/2024. &#8211; A hat\u00f3s\u00e1gi \u00fcgy t\u00e1rgya: a Kardosk\u00fat, S\u00f3st\u00f3i \u0151shonos juh \u00e1llattart\u00f3 telep fejleszt\u00e9s\u00e9vel \u00e9s b\u0151v\u00edt\u00e9s\u00e9vel<\/a><br \/>\nkapcsolatos el\u0151zetes vizsg\u00e1lati elj\u00e1r\u00e1s.<\/p>\n<p><a href=\"https:\/\/www.kardoskut.hu\/wp-content\/uploads\/2024\/04\/Melleklet_nyilvanos.zip\">Nyilv\u00e1nos mell\u00e9klet<\/a><\/p>\n<hr \/>\n<p>&nbsp;<\/p>\n","protected":false},"excerpt":{"rendered":"<p>A B\u00e9k\u00e9s V\u00e1rmegyei Korm\u00e1nyhivatal, mint ter\u00fcleti k\u00f6rnyezetv\u00e9delmi hat\u00f3s\u00e1g el\u0151tt a MOL Upstream Z\u00e1rtk\u00f6r\u0171en M\u0171k\u00f6d\u0151 R\u00e9szv\u00e9nyt\u00e1rsas\u00e1g (1117 Budapest, Domb\u00f3v\u00e1ri \u00fat 28., K\u00dcJ: 104802818) \u00fcgyf\u00e9l k\u00e9relem\u00e9re indult egys\u00e9ges k\u00f6rnyezethaszn\u00e1lati enged\u00e9ly m\u00f3dos\u00edt\u00e1si elj\u00e1r\u00e1sban a ter\u00fcleti k\u00f6rnyezetv\u00e9delmi hat\u00f3s\u00e1g hat\u00e1rozat\u00e1r\u00f3l sz\u00f3l\u00f3 k\u00f6zlem\u00e9ny k\u00f6zh\u00edrr\u00e9 t\u00e9tel\u00e9t rendelem el a nyilv\u00e1noss\u00e1g bevon\u00e1sa \u00e9rdek\u00e9ben. A\u00a0B\u00e9k\u00e9s V\u00e1rmegyei Korm\u00e1nyhivatal K\u00f6rnyezetv\u00e9delmi, Term\u00e9szetv\u00e9delmi \u00e9s Hullad\u00e9kgazd\u00e1lkod\u00e1si F\u0151oszt\u00e1ly\u00e1nak k\u00f6zlem\u00e9nye a &hellip; <\/p>\n<p class=\"link-more\"><a href=\"https:\/\/www.kardoskut.hu\/?page_id=6877\" class=\"more-link\"><span class=\"screen-reader-text\">&#8222;K\u00f6zh\u00edrr\u00e9 t\u00e9tel&#8221;<\/span> b\u0151vebben<\/a><\/p>\n","protected":false},"author":1,"featured_media":0,"parent":0,"menu_order":0,"comment_status":"closed","ping_status":"closed","template":"","meta":{"footnotes":""},"class_list":["post-6877","page","type-page","status-publish","hentry"],"_links":{"self":[{"href":"https:\/\/www.kardoskut.hu\/index.php?rest_route=\/wp\/v2\/pages\/6877","targetHints":{"allow":["GET"]}}],"collection":[{"href":"https:\/\/www.kardoskut.hu\/index.php?rest_route=\/wp\/v2\/pages"}],"about":[{"href":"https:\/\/www.kardoskut.hu\/index.php?rest_route=\/wp\/v2\/types\/page"}],"author":[{"embeddable":true,"href":"https:\/\/www.kardoskut.hu\/index.php?rest_route=\/wp\/v2\/users\/1"}],"replies":[{"embeddable":true,"href":"https:\/\/www.kardoskut.hu\/index.php?rest_route=%2Fwp%2Fv2%2Fcomments&post=6877"}],"version-history":[{"count":14,"href":"https:\/\/www.kardoskut.hu\/index.php?rest_route=\/wp\/v2\/pages\/6877\/revisions"}],"predecessor-version":[{"id":8243,"href":"https:\/\/www.kardoskut.hu\/index.php?rest_route=\/wp\/v2\/pages\/6877\/revisions\/8243"}],"wp:attachment":[{"href":"https:\/\/www.kardoskut.hu\/index.php?rest_route=%2Fwp%2Fv2%2Fmedia&parent=6877"}],"curies":[{"name":"wp","href":"https:\/\/api.w.org\/{rel}","templated":true}]}}