{"id":3148,"date":"2019-03-10T21:37:51","date_gmt":"2019-03-10T21:37:51","guid":{"rendered":"http:\/\/www.kardoskut.hu\/?page_id=3148"},"modified":"2019-09-18T18:58:39","modified_gmt":"2019-09-18T18:58:39","slug":"helyi-onkormanyzati-kepviselok-es-polgarmesterek-valasztasa-2019","status":"publish","type":"page","link":"https:\/\/www.kardoskut.hu\/?page_id=3148","title":{"rendered":"Helyi \u00f6nkorm\u00e1nyzati k\u00e9pvisel\u0151k \u00e9s polg\u00e1rmesterek v\u00e1laszt\u00e1sa 2019."},"content":{"rendered":"<p><a href=\"http:\/\/www.kardoskut.hu\/wp-content\/uploads\/2019\/09\/Jegyz\u0151k\u00f6nyv-4.-HVB-\u00fcl\u00e9sr\u0151l.pdf\">Jegyz\u0151k\u00f6nyv 4. HVB \u00fcl\u00e9sr\u0151l<\/a><br \/>\n<a href=\"http:\/\/www.kardoskut.hu\/wp-content\/uploads\/2019\/09\/14-2019.-IX.18.-hat\u00e1rozat.pdf\">14 2019. (IX.18.) hat\u00e1rozat<\/a><br \/>\n<a href=\"http:\/\/www.kardoskut.hu\/wp-content\/uploads\/2019\/09\/hvb_4.jpg\">Megh\u00edv\u00f3 HVB \u00fcl\u00e9sre<\/a><br \/>\n<a href=\"http:\/\/www.kardoskut.hu\/wp-content\/uploads\/2019\/09\/Jegyz\u0151k\u00f6nyv-HVB-\u00fcl\u00e9se-nyilv\u00e1ntart\u00e1sba-v\u00e9tel-2-sorsol\u00e1s.pdf\">Jegyz\u0151k\u00f6nyv HVB \u00fcl\u00e9se nyilv\u00e1ntart\u00e1sba v\u00e9tel 2 + sorsol\u00e1s<\/a><br \/>\n<a href=\"http:\/\/www.kardoskut.hu\/wp-content\/uploads\/2019\/09\/13-2019.-IX.09.-HVB-hat\u00e1rozat-sorsol\u00e1s.pdf\">13 2019. (IX.09). HVB hat\u00e1rozat &#8211; sorsol\u00e1s<\/a><br \/>\n<a href=\"http:\/\/www.kardoskut.hu\/wp-content\/uploads\/2019\/09\/Megh\u00edv\u00f3-HVB-\u00fcl\u00e9s-nyilv2-sorsol\u00e1s.pdf\">Megh\u00edv\u00f3 Helyi V\u00e1laszt\u00e1si Bizotts\u00e1g \u00dcl\u00e9s\u00e9re<\/a><br \/>\n<a href=\"http:\/\/www.kardoskut.hu\/wp-content\/uploads\/2019\/09\/Jegyz\u0151k\u00f6nyv-HVB-\u00fcl\u00e9s-nyilv\u00e1ntart\u00e1sbav\u00e9tel-1..pdf\">Jegyz\u0151k\u00f6nyv jel\u00f6ltek nyilv\u00e1ntart\u00e1sba v\u00e9tel\u00e9r\u0151l 1<\/a><br \/>\n<a href=\"http:\/\/www.kardoskut.hu\/?page_id=3700\">Jel\u00f6ltek nyilv\u00e1ntart\u00e1sba v\u00e9tele<\/a><br \/>\n<a href=\"http:\/\/www.kardoskut.hu\/wp-content\/uploads\/2019\/09\/Megh\u00edv\u00f3-HVB-II.-\u00fcl\u00e9s.pdf\">Megh\u00edv\u00f3 HVB \u00fcl\u00e9sre<\/a><br \/>\n<a href=\"http:\/\/www.kardoskut.hu\/wp-content\/uploads\/2019\/08\/JEGYZ\u0150K\u00d6NYV-HVB-alakul\u00f3.doc\">Jegyz\u0151k\u00f6nyv a HVB alakul\u00f3 \u00fcl\u00e9s\u00e9r\u0151l<\/a><br \/>\n<a href=\"http:\/\/www.kardoskut.hu\/wp-content\/uploads\/2019\/08\/Egy\u00e9ni-jel\u00f6lt-bejelent\u00e9se-E2.pdf\">Egy\u00e9ni jel\u00f6lt bejelent\u00e9se &#8211; E2 nyomtatv\u00e1ny<\/a><br \/>\n<a href=\"http:\/\/www.kardoskut.hu\/wp-content\/uploads\/2019\/08\/Aj\u00e1nl\u00f3\u00edv-ig\u00e9nyl\u00e9se-A4.pdf\">Aj\u00e1nl\u00f3\u00edv ig\u00e9nyl\u00e9se &#8211; A4 nyomtatv\u00e1ny<\/a><br \/>\n<a href=\"http:\/\/www.kardoskut.hu\/wp-content\/uploads\/2019\/08\/T\u00e1j\u00e9koztat\u00e1s-HVB-HVI-tagokr\u00f3l-el\u00e9rhet\u0151s\u00e9gekr\u0151l.doc\">T\u00e1j\u00e9koztat\u00f3 HVB-HVI tagokr\u00f3l, el\u00e9rhet\u0151s\u00e9gekr\u0151l<\/a><br \/>\n<a href=\"http:\/\/www.kardoskut.hu\/wp-content\/uploads\/2019\/08\/megh\u00edv\u00f3_alakul\u00f3-\u00fcl\u00e9s.doc\">Megh\u00edv\u00f3 alakul\u00f3 \u00fcl\u00e9sre<\/a><br \/>\n<a href=\"http:\/\/www.kardoskut.hu\/wp-content\/uploads\/2019\/08\/6-2019.-VIII.08.-HVI-vezet%C5%91i-hat%C3%A1rozat.pdf\">6 2019. (VIII.08.) HVI vezet\u0151i hat\u00e1rozat<\/a><br \/>\n<a href=\"http:\/\/www.kardoskut.hu\/wp-content\/uploads\/2019\/08\/V%C3%A1laszt%C3%A1si-k%C3%B6zlem%C3%A9ny-I..pdf\">V\u00e1laszt\u00e1si k\u00f6zlem\u00e9ny I.<\/a><br \/>\n<a href=\"http:\/\/www.kardoskut.hu\/wp-content\/uploads\/2019\/08\/K%C3%B6zlem%C3%A9ny-a-sz%C3%BCks%C3%A9ges-aj%C3%A1nl%C3%A1sok-sz%C3%A1m%C3%A1nak-meg%C3%A1llap%C3%ADt%C3%A1s%C3%A1r%C3%B3l.pdf\">K\u00f6zlem\u00e9ny a sz\u00fcks\u00e9ges aj\u00e1nl\u00e1sok sz\u00e1m\u00e1nak meg\u00e1llap\u00edt\u00e1s\u00e1r\u00f3l<\/a><br \/>\n<a href=\"http:\/\/www.kardoskut.hu\/wp-content\/uploads\/valasztas\/2019\/HVI%20hat\u00e1rozat%20231-1.PDF\">231-1. HVI hat\u00e1rozat<\/a><\/p>\n","protected":false},"excerpt":{"rendered":"<p>Jegyz\u0151k\u00f6nyv 4. HVB \u00fcl\u00e9sr\u0151l 14 2019. (IX.18.) hat\u00e1rozat Megh\u00edv\u00f3 HVB \u00fcl\u00e9sre Jegyz\u0151k\u00f6nyv HVB \u00fcl\u00e9se nyilv\u00e1ntart\u00e1sba v\u00e9tel 2 + sorsol\u00e1s 13 2019. (IX.09). HVB hat\u00e1rozat &#8211; sorsol\u00e1s Megh\u00edv\u00f3 Helyi V\u00e1laszt\u00e1si Bizotts\u00e1g \u00dcl\u00e9s\u00e9re Jegyz\u0151k\u00f6nyv jel\u00f6ltek nyilv\u00e1ntart\u00e1sba v\u00e9tel\u00e9r\u0151l 1 Jel\u00f6ltek nyilv\u00e1ntart\u00e1sba v\u00e9tele Megh\u00edv\u00f3 HVB \u00fcl\u00e9sre Jegyz\u0151k\u00f6nyv a HVB alakul\u00f3 \u00fcl\u00e9s\u00e9r\u0151l Egy\u00e9ni jel\u00f6lt bejelent\u00e9se &#8211; E2 nyomtatv\u00e1ny Aj\u00e1nl\u00f3\u00edv ig\u00e9nyl\u00e9se &hellip; <\/p>\n<p class=\"link-more\"><a href=\"https:\/\/www.kardoskut.hu\/?page_id=3148\" class=\"more-link\"><span class=\"screen-reader-text\">&#8222;Helyi \u00f6nkorm\u00e1nyzati k\u00e9pvisel\u0151k \u00e9s polg\u00e1rmesterek v\u00e1laszt\u00e1sa 2019.&#8221;<\/span> b\u0151vebben<\/a><\/p>\n","protected":false},"author":1,"featured_media":0,"parent":3144,"menu_order":0,"comment_status":"closed","ping_status":"closed","template":"","meta":{"footnotes":""},"class_list":["post-3148","page","type-page","status-publish","hentry"],"_links":{"self":[{"href":"https:\/\/www.kardoskut.hu\/index.php?rest_route=\/wp\/v2\/pages\/3148","targetHints":{"allow":["GET"]}}],"collection":[{"href":"https:\/\/www.kardoskut.hu\/index.php?rest_route=\/wp\/v2\/pages"}],"about":[{"href":"https:\/\/www.kardoskut.hu\/index.php?rest_route=\/wp\/v2\/types\/page"}],"author":[{"embeddable":true,"href":"https:\/\/www.kardoskut.hu\/index.php?rest_route=\/wp\/v2\/users\/1"}],"replies":[{"embeddable":true,"href":"https:\/\/www.kardoskut.hu\/index.php?rest_route=%2Fwp%2Fv2%2Fcomments&post=3148"}],"version-history":[{"count":9,"href":"https:\/\/www.kardoskut.hu\/index.php?rest_route=\/wp\/v2\/pages\/3148\/revisions"}],"predecessor-version":[{"id":3768,"href":"https:\/\/www.kardoskut.hu\/index.php?rest_route=\/wp\/v2\/pages\/3148\/revisions\/3768"}],"up":[{"embeddable":true,"href":"https:\/\/www.kardoskut.hu\/index.php?rest_route=\/wp\/v2\/pages\/3144"}],"wp:attachment":[{"href":"https:\/\/www.kardoskut.hu\/index.php?rest_route=%2Fwp%2Fv2%2Fmedia&parent=3148"}],"curies":[{"name":"wp","href":"https:\/\/api.w.org\/{rel}","templated":true}]}}